{"id":3,"date":"2020-12-27T12:02:24","date_gmt":"2020-12-27T12:02:24","guid":{"rendered":"http:\/\/ffcolucci-chef.com\/?page_id=3"},"modified":"2023-10-06T09:07:51","modified_gmt":"2023-10-06T09:07:51","slug":"privacy-policy","status":"publish","type":"page","link":"https:\/\/ffcolucci-chef.com\/es\/privacy-policy\/","title":{"rendered":"Privacy Policy"},"content":{"rendered":"<p class=\"wp-block-paragraph\">Francesco Flavio Colucci (\"nosotros\", \"nosotros\" o \"nuestro\") opera el sitio web www.ffcolucci-chef.com (el \"Servicio\").<\/p>\n\n\n\n<p class=\"wp-block-paragraph\">Esta p\u00e1gina le informa sobre nuestras pol\u00edticas con respecto a la recopilaci\u00f3n, uso y divulgaci\u00f3n de datos personales cuando utiliza nuestro Servicio y las opciones que ha asociado con esos datos.<\/p>\n\n\n\n<p class=\"wp-block-paragraph\">Usamos sus datos para proporcionar y mejorar el Servicio. Al utilizar el Servicio, acepta la recopilaci\u00f3n y el uso de informaci\u00f3n de acuerdo con esta pol\u00edtica. A menos que se defina lo contrario en esta Pol\u00edtica de privacidad, los t\u00e9rminos utilizados en esta Pol\u00edtica de privacidad tienen el mismo significado que en nuestros T\u00e9rminos y condiciones, accesibles desde www.ffcolucci-chef.com<\/p>\n\n\n\n<h2 class=\"has-normal-font-size wp-block-heading\">Recopilaci\u00f3n y uso de informaci\u00f3n<\/h2>\n\n\n\n<p class=\"wp-block-paragraph\">Recopilamos varios tipos diferentes de informaci\u00f3n para diversos fines para brindarle y mejorar nuestro Servicio.<\/p>\n\n\n\n<h3 class=\"has-normal-font-size wp-block-heading\">TIPOS DE DATOS RECOPILADOS<\/h3>\n\n\n\n<h4 class=\"has-normal-font-size wp-block-heading\">Informaci\u00f3n personal<\/h4>\n\n\n\n<p class=\"wp-block-paragraph\">Al utilizar nuestro Servicio, es posible que le pidamos que nos proporcione cierta informaci\u00f3n de identificaci\u00f3n personal que pueda utilizarse para contactarlo o identificarlo (\"Datos personales\"). La informaci\u00f3n de identificaci\u00f3n personal puede incluir, pero no se limita a:<\/p>\n\n\n\n<ul class=\"wp-block-list\"><li>Direcci\u00f3n de correo electr\u00f3nico<\/li><li>Nombre y apellido<\/li><li>Tel\u00e9fono<\/li><li>Direcci\u00f3n, estado, provincia, c\u00f3digo postal, ciudad<\/li><li>Cookies y datos de uso<\/li><\/ul>\n\n\n\n<h4 class=\"has-normal-font-size wp-block-heading\">Datos de uso<\/h4>\n\n\n\n<p class=\"wp-block-paragraph\">Tambi\u00e9n podemos recopilar informaci\u00f3n sobre c\u00f3mo se accede y se utiliza el Servicio (\"Datos de uso\"). Estos Datos de uso pueden incluir informaci\u00f3n como la direcci\u00f3n de Protocolo de Internet de su computadora (por ejemplo, direcci\u00f3n IP), el tipo de navegador, la versi\u00f3n del navegador, las p\u00e1ginas de nuestro Servicio que visita, la hora y fecha de su visita, el tiempo que pas\u00f3 en esas p\u00e1ginas, \u00fanico identificadores de dispositivos y otros datos de diagn\u00f3stico.<\/p>\n\n\n\n<h4 class=\"has-normal-font-size wp-block-heading\">Seguimiento y datos de cookies<\/h4>\n\n\n\n<p class=\"wp-block-paragraph\">Usamos cookies y tecnolog\u00edas de seguimiento similares para rastrear la actividad en nuestro Servicio y retener cierta informaci\u00f3n.<\/p>\n\n\n\n<p class=\"wp-block-paragraph\">Las cookies son archivos con una peque\u00f1a cantidad de datos que pueden incluir un identificador \u00fanico an\u00f3nimo. Las cookies se env\u00edan a su navegador desde un sitio web y se almacenan en su dispositivo. Las tecnolog\u00edas de seguimiento tambi\u00e9n utilizadas son balizas, etiquetas y scripts para recopilar y rastrear informaci\u00f3n y para mejorar y analizar nuestro Servicio.<\/p>\n\n\n\n<p class=\"wp-block-paragraph\">Puede indicarle a su navegador que rechace todas las cookies o que indique cu\u00e1ndo se env\u00eda una cookie. Sin embargo, si no acepta las cookies, es posible que no pueda utilizar algunas partes de nuestro Servicio.<\/p>\n\n\n\n<p class=\"wp-block-paragraph\">Ejemplos de cookies que utilizamos:<\/p>\n\n\n\n<ul class=\"wp-block-list\"><li><strong>Cookies de sesi\u00f3n.<\/strong>&nbsp;Usamos cookies de sesi\u00f3n para operar nuestro servicio.<\/li><li><strong>Cookies de preferencia.<\/strong>&nbsp;Usamos cookies de preferencia para recordar sus preferencias y diversas configuraciones.<\/li><li><strong>Cookies de seguridad.<\/strong>&nbsp;Usamos cookies de seguridad por motivos de seguridad.<\/li><\/ul>\n\n\n\n<h2 class=\"has-normal-font-size wp-block-heading\">Uso de datos<\/h2>\n\n\n\n<p class=\"wp-block-paragraph\">www.ffcolucci-chef.com utiliza los datos recopilados para diversos fines:<\/p>\n\n\n\n<ul class=\"wp-block-list\"><li>Para proporcionar y mantener el Servicio<\/li><li>Para notificarle sobre cambios en nuestro Servicio.<\/li><li>Para permitirle participar en las funciones interactivas de nuestro Servicio cuando elija hacerlo.<\/li><li>Para brindar atenci\u00f3n y soporte al cliente<\/li><li>Proporcionar an\u00e1lisis o informaci\u00f3n valiosa para que podamos mejorar el Servicio.<\/li><li>Para monitorear el uso del Servicio<\/li><li>Para detectar, prevenir y abordar problemas t\u00e9cnicos.<\/li><\/ul>\n\n\n\n<h2 class=\"has-normal-font-size wp-block-heading\">Transferencia de datos<\/h2>\n\n\n\n<p class=\"wp-block-paragraph\">Su informaci\u00f3n, incluidos los datos personales, puede transferirse y mantenerse en computadoras ubicadas fuera de su estado, provincia, pa\u00eds u otra jurisdicci\u00f3n gubernamental donde las leyes de protecci\u00f3n de datos pueden diferir de las de su jurisdicci\u00f3n.<\/p>\n\n\n\n<p class=\"wp-block-paragraph\">Si se encuentra fuera de Espa\u00f1a y decide proporcionarnos informaci\u00f3n, tenga en cuenta que transferimos los datos, incluidos los Datos personales, a Espa\u00f1a y los procesamos all\u00ed.<\/p>\n\n\n\n<p class=\"wp-block-paragraph\">Su consentimiento a esta Pol\u00edtica de privacidad seguido de su env\u00edo de dicha informaci\u00f3n representa su acuerdo con esa transferencia.<\/p>\n\n\n\n<p class=\"wp-block-paragraph\">www.ffcolucci-chef.com tomar\u00e1 todas las medidas razonablemente necesarias para garantizar que sus datos sean tratados de forma segura y de acuerdo con esta Pol\u00edtica de privacidad y no se realizar\u00e1 ninguna transferencia de sus Datos personales a una organizaci\u00f3n o pa\u00eds a menos que existan controles adecuados en lugar, incluida la seguridad de sus datos y otra informaci\u00f3n personal.<\/p>\n\n\n\n<h2 class=\"has-normal-font-size wp-block-heading\">Divulgaci\u00f3n de datos<\/h2>\n\n\n\n<h3 class=\"has-normal-font-size wp-block-heading\">REQUERIMIENTOS LEGALES<\/h3>\n\n\n\n<p class=\"wp-block-paragraph\">www.ffcolucci-chef.com puede divulgar sus Datos personales de buena fe cuando considere que dicha acci\u00f3n es necesaria para:<\/p>\n\n\n\n<ul class=\"wp-block-list\"><li>Para cumplir con una obligaci\u00f3n legal<\/li><li>Para proteger y defender los derechos o propiedad de www.ffcolucci-chef.com<\/li><li>Para prevenir o investigar posibles irregularidades en relaci\u00f3n con el Servicio.<\/li><li>Para proteger la seguridad personal de los usuarios del Servicio o del p\u00fablico<\/li><li>Para protegerse contra la responsabilidad legal<\/li><\/ul>\n\n\n\n<h2 class=\"has-normal-font-size wp-block-heading\">Seguridad de los datos<\/h2>\n\n\n\n<p class=\"wp-block-paragraph\">La seguridad de sus datos es importante para nosotros, pero recuerde que ning\u00fan m\u00e9todo de transmisi\u00f3n a trav\u00e9s de Internet o m\u00e9todo de almacenamiento electr\u00f3nico es 100% seguro. Si bien nos esforzamos por utilizar medios comercialmente aceptables para proteger sus datos personales, no podemos garantizar su seguridad absoluta.<\/p>\n\n\n\n<h2 class=\"has-normal-font-size wp-block-heading\">Proveedores de servicio<\/h2>\n\n\n\n<p class=\"wp-block-paragraph\">Podemos emplear empresas e individuos de terceros para facilitar nuestro Servicio (\"Proveedores de Servicios\"), para proporcionar el Servicio en nuestro nombre, para realizar servicios relacionados con el Servicio o para ayudarnos a analizar c\u00f3mo se utiliza nuestro Servicio.<\/p>\n\n\n\n<p class=\"wp-block-paragraph\">Estos terceros tienen acceso a sus Datos personales solo para realizar estas tareas en nuestro nombre y est\u00e1n obligados a no divulgarlos ni utilizarlos para ning\u00fan otro prop\u00f3sito.<\/p>\n\n\n\n<h3 class=\"has-normal-font-size wp-block-heading\">ANAL\u00cdTICA<\/h3>\n\n\n\n<p class=\"wp-block-paragraph\">Podemos utilizar proveedores de servicios de terceros para monitorear y analizar el uso de nuestro servicio.<\/p>\n\n\n\n<ul class=\"wp-block-list\"><li><strong>Google Analytics<\/strong> Google Analytics es un servicio de an\u00e1lisis web ofrecido por Google que rastrea e informa el tr\u00e1fico del sitio web. Google utiliza los datos recopilados para rastrear y monitorear el uso de nuestro Servicio. Estos datos se comparten con otros servicios de Google. Google puede utilizar los datos recopilados para contextualizar y personalizar los anuncios de su propia red publicitaria. Puede optar por no hacer que su actividad en el Servicio est\u00e9 disponible para Google Analytics instalando el complemento de inhabilitaci\u00f3n del navegador de Google Analytics. El complemento evita que JavaScript de Google Analytics (ga.js, analytics.js y dc.js) comparta informaci\u00f3n con Google Analytics sobre la actividad de las visitas. Para obtener m\u00e1s informaci\u00f3n sobre las pr\u00e1cticas de privacidad de Google, visite Privacidad y condiciones de Google p\u00e1gina web:&nbsp;<a href=\"https:\/\/policies.google.com\/privacy?hl=en\">https:\/\/policies.google.com\/privacy?hl=en<\/a><\/li><\/ul>\n\n\n\n<h2 class=\"has-normal-font-size wp-block-heading\">Enlaces a otros sitios<\/h2>\n\n\n\n<p class=\"wp-block-paragraph\">Nuestro Servicio puede contener enlaces a otros sitios que no son operados por nosotros. Si hace clic en el enlace de un tercero, se lo dirigir\u00e1 al sitio de ese tercero. Le recomendamos encarecidamente que revise la Pol\u00edtica de privacidad de cada sitio que visite.<\/p>\n\n\n\n<p class=\"wp-block-paragraph\">No tenemos control ni asumimos ninguna responsabilidad por el contenido, las pol\u00edticas de privacidad o las pr\u00e1cticas de sitios o servicios de terceros.<\/p>\n\n\n\n<h2 class=\"has-normal-font-size wp-block-heading\">Privacidad de los ni\u00f1os<\/h2>\n\n\n\n<p class=\"wp-block-paragraph\">Nuestro Servicio no se dirige a ninguna persona menor de 18 a\u00f1os (\"Ni\u00f1os\").<\/p>\n\n\n\n<p class=\"wp-block-paragraph\">No recopilamos a sabiendas informaci\u00f3n de identificaci\u00f3n personal de ninguna persona menor de 18 a\u00f1os. Si usted es padre o tutor y sabe que sus hijos nos han proporcionado datos personales, comun\u00edquese con nosotros. Si nos damos cuenta de que hemos recopilado datos personales de ni\u00f1os sin la verificaci\u00f3n del consentimiento de los padres, tomamos medidas para eliminar esa informaci\u00f3n de nuestros servidores.<\/p>\n\n\n\n<h2 class=\"has-normal-font-size wp-block-heading\">Cambios a esta pol\u00edtica de privacidad<\/h2>\n\n\n\n<p class=\"wp-block-paragraph\">Es posible que actualicemos nuestra Pol\u00edtica de privacidad de vez en cuando. Le notificaremos de cualquier cambio publicando la nueva Pol\u00edtica de privacidad en esta p\u00e1gina.<\/p>\n\n\n\n<p class=\"wp-block-paragraph\">Le informaremos por correo electr\u00f3nico y \/ o un aviso destacado en nuestro Servicio, antes de que el cambio entre en vigencia y actualizaremos la \"fecha de vigencia\" en la parte superior de esta Pol\u00edtica de privacidad.<\/p>\n\n\n\n<h2 class=\"has-normal-font-size wp-block-heading\">Contacta con nosotros<\/h2>\n\n\n\n<p class=\"wp-block-paragraph\">Si tiene alguna pregunta sobre esta Pol\u00edtica de privacidad, comun\u00edquese con nosotros:<\/p>\n\n\n\n<p class=\"wp-block-paragraph\">Email: hello@ffcolucci-chef.com<\/p>","protected":false},"excerpt":{"rendered":"<p>Francesco Flavio Colucci (\u201cus\u201d, \u201cwe\u201d, or \u201cour\u201d) operates the www.ffcolucci-chef.com website (the \u201cService\u201d). This page informs you of our policies regarding the collection, use, and [&hellip;]<\/p>\n","protected":false},"author":1,"featured_media":0,"parent":0,"menu_order":0,"comment_status":"closed","ping_status":"open","template":"","meta":{"_crdt_document":"","novablocks_hero_scroll_indicator":false,"novablocks_hero_position_indicators":false,"footnotes":""},"class_list":["post-3","page","type-page","status-publish","hentry"],"yoast_head":"<!-- This site is optimized with the Yoast SEO plugin v27.0 - https:\/\/yoast.com\/product\/yoast-seo-wordpress\/ -->\n<title>Privacy Policy - Private Chef Mallorca<\/title>\n<meta name=\"robots\" content=\"index, follow, max-snippet:-1, max-image-preview:large, max-video-preview:-1\" \/>\n<link rel=\"canonical\" href=\"https:\/\/ffcolucci-chef.com\/es\/privacy-policy\/\" \/>\n<meta property=\"og:locale\" content=\"es_ES\" \/>\n<meta property=\"og:type\" content=\"article\" \/>\n<meta property=\"og:title\" content=\"Privacy Policy - Private Chef Mallorca\" \/>\n<meta property=\"og:description\" content=\"Francesco Flavio Colucci (\u201cus\u201d, \u201cwe\u201d, or \u201cour\u201d) operates the www.ffcolucci-chef.com website (the \u201cService\u201d). This page informs you of our policies regarding the collection, use, and [&hellip;]\" \/>\n<meta property=\"og:url\" content=\"https:\/\/ffcolucci-chef.com\/es\/privacy-policy\/\" \/>\n<meta property=\"og:site_name\" content=\"Francesco Flavio Colucci\" \/>\n<meta property=\"article:publisher\" content=\"https:\/\/www.facebook.com\/ffcolucci\/\" \/>\n<meta property=\"article:modified_time\" content=\"2023-10-06T09:07:51+00:00\" \/>\n<meta name=\"twitter:card\" content=\"summary_large_image\" \/>\n<meta name=\"twitter:label1\" content=\"Tiempo de lectura\" \/>\n\t<meta name=\"twitter:data1\" content=\"6 minutos\" \/>\n<script type=\"application\/ld+json\" class=\"yoast-schema-graph\">{\"@context\":\"https:\/\/schema.org\",\"@graph\":[{\"@type\":\"WebPage\",\"@id\":\"https:\/\/ffcolucci-chef.com\/privacy-policy\/\",\"url\":\"https:\/\/ffcolucci-chef.com\/privacy-policy\/\",\"name\":\"Privacy Policy - Private Chef Mallorca\",\"isPartOf\":{\"@id\":\"https:\/\/ffcolucci-chef.com\/#website\"},\"datePublished\":\"2020-12-27T12:02:24+00:00\",\"dateModified\":\"2023-10-06T09:07:51+00:00\",\"breadcrumb\":{\"@id\":\"https:\/\/ffcolucci-chef.com\/privacy-policy\/#breadcrumb\"},\"inLanguage\":\"es\",\"potentialAction\":[{\"@type\":\"ReadAction\",\"target\":[\"https:\/\/ffcolucci-chef.com\/privacy-policy\/\"]}]},{\"@type\":\"BreadcrumbList\",\"@id\":\"https:\/\/ffcolucci-chef.com\/privacy-policy\/#breadcrumb\",\"itemListElement\":[{\"@type\":\"ListItem\",\"position\":1,\"name\":\"Home\",\"item\":\"https:\/\/ffcolucci-chef.com\/\"},{\"@type\":\"ListItem\",\"position\":2,\"name\":\"Privacy Policy\"}]},{\"@type\":\"WebSite\",\"@id\":\"https:\/\/ffcolucci-chef.com\/#website\",\"url\":\"https:\/\/ffcolucci-chef.com\/\",\"name\":\"Francesco Flavio Colucci\",\"description\":\"Private Chef Mallorca\",\"publisher\":{\"@id\":\"https:\/\/ffcolucci-chef.com\/#organization\"},\"potentialAction\":[{\"@type\":\"SearchAction\",\"target\":{\"@type\":\"EntryPoint\",\"urlTemplate\":\"https:\/\/ffcolucci-chef.com\/?s={search_term_string}\"},\"query-input\":{\"@type\":\"PropertyValueSpecification\",\"valueRequired\":true,\"valueName\":\"search_term_string\"}}],\"inLanguage\":\"es\"},{\"@type\":\"Organization\",\"@id\":\"https:\/\/ffcolucci-chef.com\/#organization\",\"name\":\"Fracnesco Flavio Colucci\",\"url\":\"https:\/\/ffcolucci-chef.com\/\",\"logo\":{\"@type\":\"ImageObject\",\"inLanguage\":\"es\",\"@id\":\"https:\/\/ffcolucci-chef.com\/#\/schema\/logo\/image\/\",\"url\":\"https:\/\/ffcolucci-chef.com\/wp-content\/uploads\/2021\/02\/logo-chef-contact.png\",\"contentUrl\":\"https:\/\/ffcolucci-chef.com\/wp-content\/uploads\/2021\/02\/logo-chef-contact.png\",\"width\":800,\"height\":400,\"caption\":\"Fracnesco Flavio Colucci\"},\"image\":{\"@id\":\"https:\/\/ffcolucci-chef.com\/#\/schema\/logo\/image\/\"},\"sameAs\":[\"https:\/\/www.facebook.com\/ffcolucci\/\",\"https:\/\/www.instagram.com\/ffcolucci\/\"]}]}<\/script>\n<!-- \/ Yoast SEO plugin. -->","yoast_head_json":{"title":"Privacy Policy - Private Chef Mallorca","robots":{"index":"index","follow":"follow","max-snippet":"max-snippet:-1","max-image-preview":"max-image-preview:large","max-video-preview":"max-video-preview:-1"},"canonical":"https:\/\/ffcolucci-chef.com\/es\/privacy-policy\/","og_locale":"es_ES","og_type":"article","og_title":"Privacy Policy - Private Chef Mallorca","og_description":"Francesco Flavio Colucci (\u201cus\u201d, \u201cwe\u201d, or \u201cour\u201d) operates the www.ffcolucci-chef.com website (the \u201cService\u201d). This page informs you of our policies regarding the collection, use, and [&hellip;]","og_url":"https:\/\/ffcolucci-chef.com\/es\/privacy-policy\/","og_site_name":"Francesco Flavio Colucci","article_publisher":"https:\/\/www.facebook.com\/ffcolucci\/","article_modified_time":"2023-10-06T09:07:51+00:00","twitter_card":"summary_large_image","twitter_misc":{"Tiempo de lectura":"6 minutos"},"schema":{"@context":"https:\/\/schema.org","@graph":[{"@type":"WebPage","@id":"https:\/\/ffcolucci-chef.com\/privacy-policy\/","url":"https:\/\/ffcolucci-chef.com\/privacy-policy\/","name":"Privacy Policy - Private Chef Mallorca","isPartOf":{"@id":"https:\/\/ffcolucci-chef.com\/#website"},"datePublished":"2020-12-27T12:02:24+00:00","dateModified":"2023-10-06T09:07:51+00:00","breadcrumb":{"@id":"https:\/\/ffcolucci-chef.com\/privacy-policy\/#breadcrumb"},"inLanguage":"es","potentialAction":[{"@type":"ReadAction","target":["https:\/\/ffcolucci-chef.com\/privacy-policy\/"]}]},{"@type":"BreadcrumbList","@id":"https:\/\/ffcolucci-chef.com\/privacy-policy\/#breadcrumb","itemListElement":[{"@type":"ListItem","position":1,"name":"Home","item":"https:\/\/ffcolucci-chef.com\/"},{"@type":"ListItem","position":2,"name":"Privacy Policy"}]},{"@type":"WebSite","@id":"https:\/\/ffcolucci-chef.com\/#website","url":"https:\/\/ffcolucci-chef.com\/","name":"Francesco Flavio Colucci.","description":"Private Chef Mallorca","publisher":{"@id":"https:\/\/ffcolucci-chef.com\/#organization"},"potentialAction":[{"@type":"SearchAction","target":{"@type":"EntryPoint","urlTemplate":"https:\/\/ffcolucci-chef.com\/?s={search_term_string}"},"query-input":{"@type":"PropertyValueSpecification","valueRequired":true,"valueName":"search_term_string"}}],"inLanguage":"es"},{"@type":"Organization","@id":"https:\/\/ffcolucci-chef.com\/#organization","name":"Fracnesco Flavio Colucci","url":"https:\/\/ffcolucci-chef.com\/","logo":{"@type":"ImageObject","inLanguage":"es","@id":"https:\/\/ffcolucci-chef.com\/#\/schema\/logo\/image\/","url":"https:\/\/ffcolucci-chef.com\/wp-content\/uploads\/2021\/02\/logo-chef-contact.png","contentUrl":"https:\/\/ffcolucci-chef.com\/wp-content\/uploads\/2021\/02\/logo-chef-contact.png","width":800,"height":400,"caption":"Fracnesco Flavio Colucci"},"image":{"@id":"https:\/\/ffcolucci-chef.com\/#\/schema\/logo\/image\/"},"sameAs":["https:\/\/www.facebook.com\/ffcolucci\/","https:\/\/www.instagram.com\/ffcolucci\/"]}]}},"_links":{"self":[{"href":"https:\/\/ffcolucci-chef.com\/es\/wp-json\/wp\/v2\/pages\/3","targetHints":{"allow":["GET"]}}],"collection":[{"href":"https:\/\/ffcolucci-chef.com\/es\/wp-json\/wp\/v2\/pages"}],"about":[{"href":"https:\/\/ffcolucci-chef.com\/es\/wp-json\/wp\/v2\/types\/page"}],"author":[{"embeddable":true,"href":"https:\/\/ffcolucci-chef.com\/es\/wp-json\/wp\/v2\/users\/1"}],"replies":[{"embeddable":true,"href":"https:\/\/ffcolucci-chef.com\/es\/wp-json\/wp\/v2\/comments?post=3"}],"version-history":[{"count":2,"href":"https:\/\/ffcolucci-chef.com\/es\/wp-json\/wp\/v2\/pages\/3\/revisions"}],"predecessor-version":[{"id":2910,"href":"https:\/\/ffcolucci-chef.com\/es\/wp-json\/wp\/v2\/pages\/3\/revisions\/2910"}],"wp:attachment":[{"href":"https:\/\/ffcolucci-chef.com\/es\/wp-json\/wp\/v2\/media?parent=3"}],"curies":[{"name":"wp","href":"https:\/\/api.w.org\/{rel}","templated":true}]}}